{"id":5553,"date":"2022-08-09T02:09:48","date_gmt":"2022-08-09T02:09:48","guid":{"rendered":"https:\/\/fencelesstrav.wpenginepowered.com\/?post_type=destination&#038;p=5553"},"modified":"2023-05-28T05:41:52","modified_gmt":"2023-05-28T05:41:52","slug":"saint-stephens-cathedral","status":"publish","type":"destination","link":"https:\/\/fencelesstravel.com\/fr\/destinations\/saint-stephens-cathedral\/","title":{"rendered":"Cath\u00e9drale Saint-\u00c9tienne"},"content":{"rendered":"<p>De nombreuses lignes de bus desservent Vienne, et certaines s&#039;arr\u00eatent pr\u00e8s de la cath\u00e9drale. Consultez les lignes et les horaires des bus locaux pour trouver l&#039;option la plus pratique selon votre localisation.<\/p>\n<p>M\u00e9tro\u00a0: Vienne dispose d&#039;un vaste r\u00e9seau de m\u00e9tro (U-Bahn), et la cath\u00e9drale est id\u00e9alement situ\u00e9e pr\u00e8s de la station de m\u00e9tro Stephansplatz. Vous pouvez prendre la ligne U1 ou U3 et descendre \u00e0 la station Stephansplatz. De l\u00e0, la cath\u00e9drale est \u00e0 quelques pas.<\/p>\n<p>Tramway\u00a0: Vienne dispose \u00e9galement d&#039;un r\u00e9seau de tramway. Les lignes 1 et 2 s&#039;arr\u00eatent pr\u00e8s de la cath\u00e9drale, aux stations \u00ab\u00a0Oper\/Karlsplatz\u00a0\u00bb ou \u00ab\u00a0Weihburggasse\u00a0\u00bb, d&#039;o\u00f9 vous pourrez rejoindre \u00e0 pied la cath\u00e9drale Saint-\u00c9tienne.<\/p>\n<p>Si vous \u00eates d\u00e9j\u00e0 dans le centre-ville ou \u00e0 proximit\u00e9, vous pouvez vous rendre \u00e0 la cath\u00e9drale \u00e0 pied ou \u00e0 v\u00e9lo. Vienne est une ville pi\u00e9tonne dot\u00e9e de pistes cyclables d\u00e9di\u00e9es, ce qui facilite les visites \u00e0 pied ou \u00e0 v\u00e9lo.<\/p>","protected":false},"featured_media":6147,"parent":0,"comment_status":"closed","ping_status":"closed","template":"","meta":{"_acf_changed":false,"yasr_overall_rating":0,"yasr_post_is_review":"","yasr_auto_insert_disabled":"","yasr_review_type":""},"categories":[205,159],"tags":[],"class_list":["post-5553","destination","type-destination","status-publish","has-post-thumbnail","hentry","category-austria","category-europe"],"acf":[],"yasr_visitor_votes":{"stars_attributes":{"read_only":false,"span_bottom":false},"number_of_votes":0,"sum_votes":0},"_links":{"self":[{"href":"https:\/\/fencelesstravel.com\/fr\/wp-json\/wp\/v2\/destination\/5553","targetHints":{"allow":["GET"]}}],"collection":[{"href":"https:\/\/fencelesstravel.com\/fr\/wp-json\/wp\/v2\/destination"}],"about":[{"href":"https:\/\/fencelesstravel.com\/fr\/wp-json\/wp\/v2\/types\/destination"}],"replies":[{"embeddable":true,"href":"https:\/\/fencelesstravel.com\/fr\/wp-json\/wp\/v2\/comments?post=5553"}],"wp:featuredmedia":[{"embeddable":true,"href":"https:\/\/fencelesstravel.com\/fr\/wp-json\/wp\/v2\/media\/6147"}],"wp:attachment":[{"href":"https:\/\/fencelesstravel.com\/fr\/wp-json\/wp\/v2\/media?parent=5553"}],"wp:term":[{"taxonomy":"category","embeddable":true,"href":"https:\/\/fencelesstravel.com\/fr\/wp-json\/wp\/v2\/categories?post=5553"},{"taxonomy":"post_tag","embeddable":true,"href":"https:\/\/fencelesstravel.com\/fr\/wp-json\/wp\/v2\/tags?post=5553"}],"curies":[{"name":"wp","href":"https:\/\/api.w.org\/{rel}","templated":true}]}}